{"id":23,"date":"2016-02-12T08:12:49","date_gmt":"2016-02-12T08:12:49","guid":{"rendered":"http:\/\/demos.famethemes.com\/onepress\/?page_id=23"},"modified":"2023-03-28T08:18:56","modified_gmt":"2023-03-28T06:18:56","slug":"cap-epc","status":"publish","type":"page","link":"https:\/\/lycee.saintjosephbelfort.fr\/index.php\/cap-epc\/","title":{"rendered":"CAP EPC"},"content":{"rendered":"\n<h3 class=\"has-white-color has-text-color has-background wp-block-heading\" style=\"background-color:#0080bf\"><strong>CAP Employ\u00e9 Polyvalent du Commerce<\/strong><\/h3>\n\n\n<p><b>Dur\u00e9e de la formation : 2 ans<\/b><br>Le titulaire de ce&nbsp;CAP&nbsp;est capable de proc\u00e9der \u00e0 la r\u00e9ception et au rangement des marchandises, de pr\u00e9parer les lieux de vente, de conduire une action de vente conseil aupr\u00e8s de la client\u00e8le, de participer \u00e0 la promotion des ventes et au service apr\u00e8s-vente.<\/p>\n<p><b>Enseignement professionnel :<\/b><\/p>\n<ul>\n<li>Entra\u00eenement \u00e0 la vente<\/li>\n<li>Suivi d\u2019assortiments<\/li>\n<li>Entra\u00eenement \u00e0 la r\u00e9ception et \u00e0 la pr\u00e9sentation de marchandises<\/li>\n<li>Environnement \u00e9conomique, juridique et social des activit\u00e9s professionnelles<\/li>\n<li>Pr\u00e9vention Sant\u00e9 Environnement<\/li>\n<\/ul>\n<p><b>Enseignement g\u00e9n\u00e9ral :<\/b><\/p>\n<ul>\n<li>Fran\u00e7ais, communication<\/li>\n<li>Math\u00e9matiques<\/li>\n<li>Histoire \u2013 g\u00e9ographie<\/li>\n<li>Anglais ou Allemand<\/li>\n<li>\u00c9ducation physique et sportive<\/li>\n<\/ul>\n<p>Dans le cadre de la r\u00e9novation de la voie professionnelle, une partie des cours se fait en \u00ab&nbsp;co-animation&nbsp;\u00bb avec un enseignant de mati\u00e8re professionnelle et un enseignant de mati\u00e8re g\u00e9n\u00e9rale. L\u2019objectif est la r\u00e9alisation d\u2019un \u00ab&nbsp;Chef- d\u2019oeuvre&nbsp;\u00bb, le compte rendu de ce projet fera l\u2019objet d\u2019un oral lors de l\u2019examen.<\/p>\n<p>M\u00caME SI LA FINALIT\u00c9 DU DIPL\u00d4ME EST LA VIE ACTIVE, UNE BONNE SCOLARIT\u00c9 EN&nbsp;CAP&nbsp;PERMET D\u2019ENVISAGER L\u2019INT\u00c9GRATION DE LA FILI\u00c8RE BAC PRO A SON ISSUE.<\/p>","protected":false},"excerpt":{"rendered":"<p>Dur\u00e9e de la formation : 2 ans<br \/>\nLe titulaire de ce\u00a0CAP\u00a0est capable de proc\u00e9der \u00e0 la r\u00e9ception et au rangement des marchandises<\/p>\n","protected":false},"author":1,"featured_media":0,"parent":0,"menu_order":0,"comment_status":"closed","ping_status":"closed","template":"template-fullwidth.php","meta":{"footnotes":""},"class_list":["post-23","page","type-page","status-publish","hentry"],"_links":{"self":[{"href":"https:\/\/lycee.saintjosephbelfort.fr\/index.php\/wp-json\/wp\/v2\/pages\/23","targetHints":{"allow":["GET"]}}],"collection":[{"href":"https:\/\/lycee.saintjosephbelfort.fr\/index.php\/wp-json\/wp\/v2\/pages"}],"about":[{"href":"https:\/\/lycee.saintjosephbelfort.fr\/index.php\/wp-json\/wp\/v2\/types\/page"}],"author":[{"embeddable":true,"href":"https:\/\/lycee.saintjosephbelfort.fr\/index.php\/wp-json\/wp\/v2\/users\/1"}],"replies":[{"embeddable":true,"href":"https:\/\/lycee.saintjosephbelfort.fr\/index.php\/wp-json\/wp\/v2\/comments?post=23"}],"version-history":[{"count":4,"href":"https:\/\/lycee.saintjosephbelfort.fr\/index.php\/wp-json\/wp\/v2\/pages\/23\/revisions"}],"predecessor-version":[{"id":1641,"href":"https:\/\/lycee.saintjosephbelfort.fr\/index.php\/wp-json\/wp\/v2\/pages\/23\/revisions\/1641"}],"wp:attachment":[{"href":"https:\/\/lycee.saintjosephbelfort.fr\/index.php\/wp-json\/wp\/v2\/media?parent=23"}],"curies":[{"name":"wp","href":"https:\/\/api.w.org\/{rel}","templated":true}]}}